{"id":3,"date":"2026-07-29T15:50:32","date_gmt":"2026-07-29T13:50:32","guid":{"rendered":"https:\/\/hu-ds2025.protongroup.hu\/?page_id=3"},"modified":"2026-08-28T16:03:16","modified_gmt":"2026-08-28T14:03:16","slug":"privacy-policy","status":"publish","type":"page","link":"https:\/\/protongroup.hu\/en\/adatkezelesi-tajekoztato\/","title":{"rendered":"Privacy Policy"},"content":{"rendered":"<p>&nbsp;<\/p>\n<h1 align=\"center\">\u00a0<\/h1>\n<h1 style=\"text-align: center; margin: 1.85pt 0cm .0001pt 7.2pt;\" align=\"center\"><span style=\"letter-spacing: -.1pt;\">Adatkezel\u00e9si<\/span> <span style=\"letter-spacing: -.1pt;\">t\u00e1j\u00e9koztat\u00f3<\/span><\/h1>\n<p>&nbsp;<\/p>\n<p>A jelen adatkezel\u00e9si t\u00e1j\u00e9koztat\u00f3t a Proton Group Kft. (a tov\u00e1bbiakban: Adatkezel\u0151) fogadta el, \u00e9s helyezte hat\u00e1lyba 2026.08.24. napj\u00e1val az Eur\u00f3pai Parlament \u00e9s Tan\u00e1cs 2016\/679 rendelete (a tov\u00e1bbiakban: Rendelet), \u00e9s k\u00fcl\u00f6n\u00f6sen annak az \u00e1tl\u00e1that\u00f3 t\u00e1j\u00e9koztat\u00e1sra vonatkoz\u00f3 int\u00e9zked\u00e9sek<\/p>\n<p>megt\u00e9tel\u00e9t el\u0151\u00edr\u00f3 12. cikke rendelkez\u00e9seinek t\u00f6rt\u00e9n\u0151 megfelel\u00e9s \u00e9rdek\u00e9ben. A jelen t\u00e1j\u00e9koztat\u00f3 c\u00e9lja, hogy az Adatkezel\u0151 a szem\u00e9lyes adatok kezel\u00e9s\u00e9re vonatkoz\u00f3 valamennyi, a Rendelet \u00e1ltal az<\/p>\n<p>adatkezel\u0151kt\u0151l megk\u00f6vetelt t\u00e1j\u00e9koztat\u00e1st t\u00f6m\u00f6r, \u00e1tl\u00e1that\u00f3, \u00e9rthet\u0151 \u00e9s k\u00f6nnyen hozz\u00e1f\u00e9rhet\u0151<\/p>\n<p>form\u00e1ban, vil\u00e1gosan \u00e9s k\u00f6z\u00e9rthet\u0151en megfogalmazva ny\u00fajtsa az \u00e9rintettek r\u00e9sz\u00e9re, illetve \u00e1tfog\u00f3 t\u00e1j\u00e9koztat\u00e1st ny\u00fajtson az Adatkezel\u0151 szem\u00e9lyes adatok kezel\u00e9s\u00e9vel kapcsolatos tev\u00e9kenys\u00e9g\u00e9r\u0151l.<\/p>\n<ol>\n<li>\/ \u00c1ltal\u00e1nos t\u00e1j\u00e9koztat\u00e1s\n<ul>\n<li>\/ Az Adatkezel\u0151:<\/li>\n<\/ul>\n<\/li>\n<\/ol>\n<h2>PROTON GROUP Korl\u00e1tolt Felel\u0151ss\u00e9g\u0171 T\u00e1rsas\u00e1g<\/h2>\n<p>Registered office: 1173 Budapest, Pesti \u00fat 17.<\/p>\n<p>C\u00e9gjegyz\u00e9ksz\u00e1m: 01 09 358896<\/p>\n<p>Ad\u00f3sz\u00e1m: 26292234-2-42<\/p>\n<p>K\u00e9pvisel\u0151: Kiss Gerg\u0151 \u00fcgyvezet\u0151<\/p>\n<p>E-mail c\u00edm: <a href=\"mailto:kiss.gergo@protongroup.hu\"><strong>kiss.gergo@protongroup.hu<\/strong><\/a><\/p>\n<h2>I.2.\u00a0\u00a0\u00a0\u00a0\u00a0 \/ Az adatv\u00e9delmi tiszts\u00e9gvisel\u0151:<\/h2>\n<p>Az Adatkezel\u0151 adatv\u00e9delmi tiszts\u00e9gvisel\u0151t nem foglalkoztat, illetve nem alkalmaz.<\/p>\n<ol>\n<li><strong>\/ Az Adatkezel\u0151 \u00e1ltal v\u00e9gzett adatkezel\u00e9si tev\u00e9kenys\u00e9g<\/strong>\n<ul>\n<li><strong>\/ A szem\u00e9lyes adatok kezel\u00e9s\u00e9nek tervezett c\u00e9lja, a k\u00fcl\u00f6nf\u00e9le adatkezel\u00e9sek t\u00edpusai \u00e9s jogalapja: Adatkezel\u00e9s t\u00edpusa<\/strong><\/li>\n<\/ul>\n<\/li>\n<\/ol>\n<p><strong>Kezelt adat kateg\u00f3ri\u00e1ja Adatkezel\u00e9s c\u00e9lja<\/strong><\/p>\n<p><strong>Adatkezel\u00e9s jogalapja Adatt\u00e1rol\u00e1s id\u0151tartama<\/strong><\/p>\n<p><strong>Hozz\u00e1f\u00e9r\u00e9sre jogosult szem\u00e9ly, szervezeti egys\u00e9g<\/strong><\/p>\n<p><strong>A kezelt adatokkal rendelkez\u00e9sre jogosult, illetve azok kezel\u00e9s\u00e9\u00e9rt felel\u0151s szem\u00e9ly Az Adatkezel\u0151 \u00e1ltal megk\u00f6t\u00f6tt szerz\u0151d\u00e9sekben szerepl\u0151 szem\u00e9lyes adatok<\/strong><\/p>\n<p>az Adatkezel\u0151vel szerz\u0151d\u0151 felek, illetve a szerz\u0151d\u00e9sben n\u00e9v szerint azonos\u00edtott szem\u00e9lyek szem\u00e9lyes adatai (k\u00fcl\u00f6n\u00f6sen neve, sz\u00fclet\u00e9si neve, sz\u00fclet\u00e9si helye, sz\u00fclet\u00e9si ideje, anyja neve, lakc\u00edme)<\/p>\n<p>az Adatkezel\u0151 \u00e1ltal partnereivel megk\u00f6t\u00f6tt szerz\u0151d\u00e9sek teljes\u00edt\u00e9se, a szerz\u0151d\u0151 felek beazonos\u00edt\u00e1sa, az Adatkezel\u0151t megillet\u0151 d\u00edjaz\u00e1s kifizet\u00e9s\u00e9nek biztos\u00edt\u00e1sa, a szerz\u0151d\u00e9s l\u00e9trej\u00f6tt\u00e9nek, \u00e9rv\u00e9nyess\u00e9g\u00e9nek bizony\u00edt\u00e1sa, az Adatkezel\u0151t terhel\u0151 bejelent\u00e9si k\u00f6telezetts\u00e9gek teljes\u00edt\u00e9se<\/p>\n<p>&nbsp;<\/p>\n<ul>\n<li>Rendelet cikk (1) bekezd\u00e9s\u00e9nek b) pontja: az adatkezel\u00e9s szerz\u0151d\u00e9s teljes\u00edt\u00e9s\u00e9hez sz\u00fcks\u00e9ges<\/li>\n<li>Rendelet cikk (1) bekezd\u00e9s\u00e9nek f) pontja: az adatkezel\u00e9s az Adatkezel\u0151 jogos \u00e9rdekeinek \u00e9rv\u00e9nyes\u00edt\u00e9s\u00e9hez sz\u00fcks\u00e9ges<\/li>\n<li>Rendelet cikk (1) bekezd\u00e9s\u00e9nek a) pontja: az adatkezel\u00e9shez az \u00e9rintett hozz\u00e1j\u00e1rul\u00e1s\u00e1t adta<\/li>\n<\/ul>\n<p>a szerz\u0151d\u00e9s \u00e9rv\u00e9nyess\u00e9g\u00e9nek \u00e9s hat\u00e1lyoss\u00e1g\u00e1nak id\u0151tartama, illetve az abb\u00f3l ered\u0151 jogok, k\u00f6vetel\u00e9sek \u00e9rv\u00e9nyes\u00edt\u00e9s\u00e9nek el\u00e9v\u00fcl\u00e9si idej\u00e9nek lej\u00e1rta<\/p>\n<p>az Adatkezel\u0151 mindenkori \u00fcgyvezet\u0151je az Adatkezel\u0151 mindenkori \u00fcgyvezet\u0151je <strong>H\u00edrlev\u00e9l k\u00fcld\u00e9se elektronikus \u00faton<\/strong><\/p>\n<p>a h\u00edrlev\u00e9l c\u00edmzettjeinek elektronikus lev\u00e9lc\u00edme<\/p>\n<p>a h\u00edrlev\u00e9l ir\u00e1nt \u00e9rdekl\u0151d\u0151k folyamatos t\u00e1j\u00e9koztat\u00e1sa az Adatkezel\u0151 tev\u00e9kenys\u00e9g\u00e9vel kapcsolatos aktualit\u00e1sair\u00f3l, akci\u00f3kr\u00f3l, fejlem\u00e9nyekr\u0151l<\/p>\n<p>Rendelet 6. cikk (1) bekezd\u00e9s\u00e9nek f) pontja: az adatkezel\u0151 jogos \u00e9rdekeinek \u00e9rv\u00e9nyes\u00edt\u00e9s\u00e9hez sz\u00fcks\u00e9ges<\/p>\n<p>az \u00e9rintettre vonatkoz\u00f3 h\u00edrlev\u00e9l kik\u00fcld\u00e9s\u00e9ig terjed\u0151 id\u0151szak az Adatkezel\u0151 mindenkori \u00fcgyvezet\u0151je<\/p>\n<p>az Adatkezel\u0151 \u00fcgyvezet\u0151i<\/p>\n<h2>II.2.\u00a0\u00a0\u00a0\u00a0\u00a0\u00a0 \/ A Rendelet 13. cikk (1) bekezd\u00e9se szerinti tov\u00e1bbi t\u00e1j\u00e9koztat\u00e1s:<\/h2>\n<p>Az adatkezel\u0151 harmadik orsz\u00e1gba vagy nemzetk\u00f6zi szervezet r\u00e9sz\u00e9re nem k\u00edv\u00e1nja tov\u00e1bb\u00edtani az \u00e1ltala kezelt szem\u00e9lyes adatokat.<\/p>\n<p>Az Adatkezel\u0151 automatiz\u00e1lt d\u00f6nt\u00e9shozatalt, illetve profilalkot\u00e1st nem alkalmaz.<\/p>\n<h2>II.3.\u00a0\u00a0\u00a0\u00a0\u00a0\u00a0 \/ Az Adatkezel\u0151vel szerz\u0151d\u00e9ses jogviszonyban \u00e1ll\u00f3 adatfeldolgoz\u00f3k<\/h2>\n<p>Az Adatkezel\u0151 r\u00e9sz\u00e9r\u0151l a szem\u00e9lyes adatokhoz az Adatkezel\u0151 al\u00e1bbi megb\u00edzottai f\u00e9rhetnek hozz\u00e1 abban a k\u00f6rben, amely feladataik ell\u00e1t\u00e1s\u00e1hoz felt\u00e9tlen\u00fcl sz\u00fcks\u00e9ges:<\/p>\n<ul>\n<li>jogi k\u00e9pvisel\u0151<\/li>\n<li>k\u00f6nyvvizsg\u00e1l\u00f3, gazdas\u00e1gi tan\u00e1csad\u00f3<\/li>\n<li>informatikai szolg\u00e1ltat\u00f3<\/li>\n<\/ul>\n<p>Az Adatkezel\u0151 a hivatkozott adatfeldolgoz\u00f3kkal adatfeldolgoz\u00e1si szerz\u0151d\u00e9st k\u00f6t\u00f6tt adatkezel\u00e9si, adatv\u00e9delmi tev\u00e9kenys\u00e9ge jogszer\u0171s\u00e9g\u00e9nek biztos\u00edt\u00e1sa \u00e9rdek\u00e9ben.<\/p>\n<p>Az Adatkezel\u0151 szerz\u0151d\u00e9ses, illetve jogszab\u00e1lyi k\u00f6telezetts\u00e9geinek teljes\u00edt\u00e9se \u00e9rdek\u00e9ben adatszolg\u00e1ltat\u00e1st teljes\u00edt tov\u00e1bb\u00e1 sz\u00e1mlavezet\u0151 p\u00e9nzint\u00e9zete, illetve m\u00e1s hat\u00f3s\u00e1gok r\u00e9sz\u00e9re.<\/p>\n<h2>III.\u00a0 \/ Az \u00e9rintettek adatkezel\u00e9ssel kapcsolatos jogaival kapcsolatos t\u00e1j\u00e9koztat\u00e1s<\/h2>\n<ul>\n<li><strong>\/ Az \u00e9rintettek adatkezel\u00e9ssel kapcsolatos hozz\u00e1j\u00e1rul\u00e1sa, a hozz\u00e1j\u00e1rul\u00e1s visszavon\u00e1sa<\/strong><\/li>\n<\/ul>\n<p><strong>\u00a0<\/strong><\/p>\n<p>Ha az adatkezel\u00e9s hozz\u00e1j\u00e1rul\u00e1son alapul, az adatkezel\u0151nek k\u00e9pesnek kell lennie annak igazol\u00e1s\u00e1ra, hogy az \u00e9rintett szem\u00e9lyes adatainak kezel\u00e9s\u00e9hez hozz\u00e1j\u00e1rult. Ha az \u00e9rintett hozz\u00e1j\u00e1rul\u00e1s\u00e1t olyan<\/p>\n<p>\u00edr\u00e1sbeli nyilatkozat keret\u00e9ben adja meg, amely m\u00e1s \u00fcgyekre is vonatkozik, a hozz\u00e1j\u00e1rul\u00e1s ir\u00e1nti<\/p>\n<p>k\u00e9relmet ezekt\u0151l a m\u00e1s \u00fcgyekt\u0151l egy\u00e9rtelm\u0171en megk\u00fcl\u00f6nb\u00f6ztethet\u0151 m\u00f3don kell el\u0151adni, \u00e9rthet\u0151 \u00e9s k\u00f6nnyen hozz\u00e1f\u00e9rhet\u0151 form\u00e1ban, vil\u00e1gos \u00e9s egyszer\u0171 nyelvezettel. Az \u00e9rintett hozz\u00e1j\u00e1rul\u00e1s\u00e1t<\/p>\n<p>tartalmaz\u00f3 ilyen nyilatkozat b\u00e1rmely olyan r\u00e9sze, amely s\u00e9rti e rendeletet, k\u00f6telez\u0151 er\u0151vel nem b\u00edr.<\/p>\n<p>Az Adatkezel\u0151 a vele t\u00f6rt\u00e9n\u0151 szerz\u0151d\u00e9sk\u00f6t\u00e9s kapcs\u00e1n a szerz\u0151d\u00e9s megk\u00f6t\u00e9s\u00e9t az \u00e9rintett Adatkezel\u0151 \u00e1ltal ig\u00e9nyelt m\u00e9rt\u00e9k\u0171, terjedelm\u0171 adatszolg\u00e1ltat\u00e1s\u00e1hoz, vagyis az Adatkezel\u0151 \u00e1ltal meghat\u00e1rozott<\/p>\n<p>szem\u00e9lyes adatok megad\u00e1s\u00e1hoz k\u00f6theti, melynek elmarad\u00e1sa eset\u00e9n jogosult a szerz\u0151d\u00e9s megk\u00f6t\u00e9s\u00e9t megtagadni.<\/p>\n<p>Amennyiben a szem\u00e9lyes adatkezel\u00e9s az \u00e9rintett hozz\u00e1j\u00e1rul\u00e1s\u00e1n alapul, \u00fagy teh\u00e1t az \u00e9rintett az adatszolg\u00e1ltat\u00e1st megtagadhatja, ebben az esetben azonban az Adatkezel\u0151 jogosult a szerz\u0151d\u00e9sk\u00f6t\u00e9st megtagadni. Az \u00e9rintett hozz\u00e1j\u00e1rul\u00e1s\u00e1nak visszavon\u00e1s\u00e1hoz val\u00f3 jog gyakorl\u00e1sa nem \u00e9rinti a visszavon\u00e1s el\u0151tt a hozz\u00e1j\u00e1rul\u00e1s alapj\u00e1n v\u00e9grehajtott adatkezel\u00e9s jogszer\u0171s\u00e9g\u00e9t.<\/p>\n<h2>III.2.\u00a0\u00a0\u00a0\u00a0\u00a0\u00a0\u00a0\u00a0 \/ Az \u00e9rintettek hozz\u00e1f\u00e9r\u00e9si joga<\/h2>\n<p>Az \u00e9rintettek t\u00e1j\u00e9koztat\u00e1st k\u00e9rhetnek arr\u00f3l, hogy az Adatkezel\u0151 milyen adatokat, milyen c\u00e9lra, mennyi ideig kezel, azokat kinek a r\u00e9sz\u00e9re adja \u00e1t, valamint hogy honnan sz\u00e1rmaznak az \u00e1ltala kezelt adatok.<\/p>\n<p>Az \u00e9rintett jogosult arra, hogy az adatkezel\u0151t\u0151l visszajelz\u00e9st kapjon arra vonatkoz\u00f3an, hogy szem\u00e9lyes adatainak kezel\u00e9se folyamatban van-e, \u00e9s ha ilyen adatkezel\u00e9s folyamatban van, jogosult arra, hogy a szem\u00e9lyes adatokhoz \u00e9s a k\u00f6vetkez\u0151 inform\u00e1ci\u00f3khoz hozz\u00e1f\u00e9r\u00e9st kapjon:<\/p>\n<ol>\n<li>az adatkezel\u00e9s c\u00e9ljai;<\/li>\n<li>az \u00e9rintett szem\u00e9lyes adatok kateg\u00f3ri\u00e1i;<\/li>\n<li>azon c\u00edmzettek vagy c\u00edmzettek kateg\u00f3ri\u00e1i, akikkel, illetve amelyekkel a szem\u00e9lyes adatokat k\u00f6z\u00f6lt\u00e9k vagy k\u00f6z\u00f6lni fogj\u00e1k, ide\u00e9rtve k\u00fcl\u00f6n\u00f6sen a harmadik orsz\u00e1gbeli c\u00edmzetteket, illetve a nemzetk\u00f6zi<\/li>\n<\/ol>\n<p>szervezeteket;<\/p>\n<ol>\n<li>adott esetben a szem\u00e9lyes adatok t\u00e1rol\u00e1s\u00e1nak tervezett id\u0151tartama, vagy ha ez nem lehets\u00e9ges, ezen id\u0151tartam meghat\u00e1roz\u00e1s\u00e1nak szempontjai;<\/li>\n<li>az \u00e9rintett azon joga, hogy k\u00e9relmezheti az adatkezel\u0151t\u0151l a r\u00e1 vonatkoz\u00f3 szem\u00e9lyes adatok helyesb\u00edt\u00e9s\u00e9t, t\u00f6rl\u00e9s\u00e9t vagy kezel\u00e9s\u00e9nek korl\u00e1toz\u00e1s\u00e1t, \u00e9s tiltakozhat az ilyen szem\u00e9lyes adatok kezel\u00e9se ellen;<\/li>\n<li>a valamely fel\u00fcgyeleti hat\u00f3s\u00e1ghoz c\u00edmzett panasz beny\u00fajt\u00e1s\u00e1nak joga;<\/li>\n<li>ha az adatokat nem az \u00e9rintett\u0151l gy\u0171jt\u00f6tt\u00e9k, a forr\u00e1sukra vonatkoz\u00f3 minden el\u00e9rhet\u0151 inform\u00e1ci\u00f3;<\/li>\n<\/ol>\n<p>Az Adatkezel\u0151 az adatkezel\u00e9s t\u00e1rgy\u00e1t k\u00e9pez\u0151 szem\u00e9lyes adatok m\u00e1solat\u00e1t az \u00e9rintett rendelkez\u00e9s\u00e9re bocs\u00e1tja.<\/p>\n<p>Az \u00e9rintett \u00e1ltal k\u00e9rt m\u00e1solatok\u00e9rt az Adatkezel\u0151 az els\u0151 k\u00e9r\u00e9s teljes\u00edt\u00e9se kapcs\u00e1n d\u00edjaz\u00e1st, k\u00f6lts\u00e9gt\u00e9r\u00edt\u00e9st nem ig\u00e9nyel, amennyiben azonban az \u00e9rintett olyan adatok kiad\u00e1s\u00e1t k\u00e9ri az<\/p>\n<p>Adatkezel\u0151t\u0151l, melyeket az Adatkezel\u0151 m\u00e1r a rendelkez\u00e9s\u00e9re bocs\u00e1tott, \u00fagy az Adatkezel\u0151 a k\u00e9r\u00e9s teljes\u00edt\u00e9s\u00e9t 5.000,- Ft + \u00c1fa \u00f6sszeg\u0171 k\u00f6lts\u00e9gt\u00e9r\u00edt\u00e9s fizet\u00e9s\u00e9t\u0151l teheti f\u00fcgg\u0151v\u00e9 (az iratanyag<\/p>\n<p>terjedelm\u00e9t\u0151l f\u00fcggetlen\u00fcl).<\/p>\n<p>&nbsp;<\/p>\n<p>Ha az \u00e9rintett elektronikus \u00faton ny\u00fajtotta be a k\u00e9relmet, az inform\u00e1ci\u00f3kat sz\u00e9les k\u00f6rben haszn\u00e1lt elektronikus form\u00e1tumban kell rendelkez\u00e9sre bocs\u00e1tani, kiv\u00e9ve, ha az \u00e9rintett m\u00e1sk\u00e9nt k\u00e9ri.<\/p>\n<h2>III.3.\u00a0\u00a0\u00a0\u00a0\u00a0\u00a0\u00a0\u00a0 \/ Helyesb\u00edt\u00e9shez, \u00e9s az adatkezel\u00e9s korl\u00e1toz\u00e1s\u00e1hoz val\u00f3 jog<\/h2>\n<p>Az \u00e9rintettek k\u00e9rhetik szem\u00e9lyes adataik helyesb\u00edt\u00e9s\u00e9t, vagy kezel\u00e9s\u00fck korl\u00e1toz\u00e1s\u00e1t. Az \u00e9rintett jogosult arra, hogy k\u00e9r\u00e9s\u00e9re az Adatkezel\u0151 indokolatlan k\u00e9sedelem n\u00e9lk\u00fcl helyesb\u00edtse a r\u00e1 vonatkoz\u00f3 pontatlan szem\u00e9lyes adatokat. Figyelembe v\u00e9ve az adatkezel\u00e9s c\u00e9lj\u00e1t, az \u00e9rintett jogosult arra, hogy k\u00e9rje a hi\u00e1nyos szem\u00e9lyes adatok \u2013 egyebek mellett kieg\u00e9sz\u00edt\u0151 nyilatkozat \u00fatj\u00e1n t\u00f6rt\u00e9n\u0151 \u2013<\/p>\n<p>kieg\u00e9sz\u00edt\u00e9s\u00e9t. Az \u00e9rintett jogosult arra, hogy k\u00e9r\u00e9s\u00e9re az Adatkezel\u0151 korl\u00e1tozza az adatkezel\u00e9st, ha az al\u00e1bbiak valamelyike teljes\u00fcl:<\/p>\n<ol>\n<li>az \u00e9rintett vitatja a szem\u00e9lyes adatok pontoss\u00e1g\u00e1t, ez esetben a korl\u00e1toz\u00e1s arra az id\u0151tartamra vonatkozik, amely lehet\u0151v\u00e9 teszi, hogy az Adatkezel\u0151 ellen\u0151rizze a szem\u00e9lyes adatok pontoss\u00e1g\u00e1t;<\/li>\n<li>az adatkezel\u00e9s jogellenes, \u00e9s az \u00e9rintett ellenzi az adatok t\u00f6rl\u00e9s\u00e9t, \u00e9s ehelyett k\u00e9ri azok felhaszn\u00e1l\u00e1s\u00e1nak korl\u00e1toz\u00e1s\u00e1t;<\/li>\n<li>az Adatkezel\u0151nek m\u00e1r nincs sz\u00fcks\u00e9ge a szem\u00e9lyes adatokra adatkezel\u00e9s c\u00e9lj\u00e1b\u00f3l, de az \u00e9rintett ig\u00e9nyli azokat jogi ig\u00e9nyek el\u0151terjeszt\u00e9s\u00e9hez, \u00e9rv\u00e9nyes\u00edt\u00e9s\u00e9hez vagy v\u00e9delm\u00e9hez; vagy<\/li>\n<li>az \u00e9rintett tiltakozott az adatkezel\u00e9s ellen; ez esetben a korl\u00e1toz\u00e1s arra az id\u0151tartamra vonatkozik, am\u00edg meg\u00e1llap\u00edt\u00e1sra nem ker\u00fcl, hogy az Adatkezel\u0151 jogos indokai els\u0151bbs\u00e9get \u00e9lveznek-e az \u00e9rintett jogos indokaival szemben.<\/li>\n<\/ol>\n<p>Ha az adatkezel\u00e9s a fentiek alapj\u00e1n korl\u00e1toz\u00e1s al\u00e1 esik, az ilyen szem\u00e9lyes adatokat a t\u00e1rol\u00e1s<\/p>\n<p>kiv\u00e9tel\u00e9vel csak az \u00e9rintett hozz\u00e1j\u00e1rul\u00e1s\u00e1val, vagy jogi ig\u00e9nyek el\u0151terjeszt\u00e9s\u00e9hez, \u00e9rv\u00e9nyes\u00edt\u00e9s\u00e9hez<\/p>\n<p>vagy v\u00e9delm\u00e9hez, vagy m\u00e1s term\u00e9szetes vagy jogi szem\u00e9ly jogainak v\u00e9delme \u00e9rdek\u00e9ben, vagy az Uni\u00f3, illetve valamely tag\u00e1llam fontos k\u00f6z\u00e9rdek\u00e9b\u0151l lehet kezelni. Az Adatkezel\u0151 az \u00e9rintettet, akinek a<\/p>\n<p>k\u00e9r\u00e9s\u00e9re a fentiek alapj\u00e1n korl\u00e1tozt\u00e1k az adatkezel\u00e9st, az adatkezel\u00e9s korl\u00e1toz\u00e1s\u00e1nak felold\u00e1s\u00e1r\u00f3l el\u0151zetesen t\u00e1j\u00e9koztatja.<\/p>\n<h2>III.4.\u00a0\u00a0\u00a0\u00a0\u00a0\u00a0\u00a0\u00a0 \/ Az adathordozhat\u00f3s\u00e1ghoz val\u00f3 jog<\/h2>\n<p>Az \u00e9rintett jogosult arra, hogy hogy a r\u00e1 vonatkoz\u00f3, \u00e1ltala az Adatkezel\u0151 rendelkez\u00e9s\u00e9re bocs\u00e1tott<\/p>\n<p>szem\u00e9lyes adatokat tagolt, sz\u00e9les k\u00f6rben haszn\u00e1lt, g\u00e9ppel olvashat\u00f3 form\u00e1tumban megkapja, tov\u00e1bb\u00e1 jogosult arra, hogy ezeket az adatokat egy m\u00e1sik adatkezel\u0151nek tov\u00e1bb\u00edtsa an\u00e9lk\u00fcl, hogy ezt az<\/p>\n<p>Adatkezel\u0151 akad\u00e1lyozn\u00e1, felt\u00e9ve, hogy az adatkezel\u00e9s az \u00e9rintett hozz\u00e1j\u00e1rul\u00e1s\u00e1n, vagy azon alapul, hogy az szerz\u0151d\u00e9s teljes\u00edt\u00e9se \u00e9rdek\u00e9ben sz\u00fcks\u00e9ges.<\/p>\n<h2>III.5.\u00a0\u00a0\u00a0\u00a0\u00a0\u00a0\u00a0\u00a0 \/ A t\u00f6rl\u00e9shez (elfeled\u00e9shez) val\u00f3 jog<\/h2>\n<p>Az \u00e9rintett jogosult arra, hogy k\u00e9r\u00e9s\u00e9re az Adatkezel\u0151 indokolatlan k\u00e9sedelem n\u00e9lk\u00fcl t\u00f6r\u00f6lje a r\u00e1 vonatkoz\u00f3 szem\u00e9lyes adatokat, az adatkezel\u0151 pedig k\u00f6teles arra, hogy az \u00e9rintettre vonatkoz\u00f3<\/p>\n<p>szem\u00e9lyes adatokat indokolatlan k\u00e9sedelem n\u00e9lk\u00fcl t\u00f6r\u00f6lje, ha az al\u00e1bbi indokok valamelyike fenn\u00e1ll:<\/p>\n<ol>\n<li>a szem\u00e9lyes adatokra m\u00e1r nincs sz\u00fcks\u00e9g abb\u00f3l a c\u00e9lb\u00f3l, amelyb\u0151l azokat gy\u0171jt\u00f6tt\u00e9k vagy m\u00e1s m\u00f3don kezelt\u00e9k<\/li>\n<li>az \u00e9rintett visszavonja az adatkezel\u00e9s alapj\u00e1t k\u00e9pez\u0151 hozz\u00e1j\u00e1rul\u00e1s\u00e1t, \u00e9s az adatkezel\u00e9snek nincs m\u00e1s jogalapja<\/li>\n<li>az \u00e9rintett tiltakozik az adatkezel\u00e9s ellen, \u00e9s nincs els\u0151bbs\u00e9get \u00e9lvez\u0151 jogszer\u0171 ok az adatkezel\u00e9sre, vagy az \u00e9rintett tiltakozik az adatkezel\u00e9s ellen;<\/li>\n<\/ol>\n<p>&nbsp;<\/p>\n<ol>\n<li>a szem\u00e9lyes adatokat jogellenesen kezelt\u00e9k;<\/li>\n<li>a szem\u00e9lyes adatokat az adatkezel\u0151re alkalmazand\u00f3 uni\u00f3s vagy tag\u00e1llami jogban el\u0151\u00edrt jogi k\u00f6telezetts\u00e9g teljes\u00edt\u00e9s\u00e9hez t\u00f6r\u00f6lni kell;<\/li>\n<\/ol>\n<h2>III.6.\u00a0\u00a0\u00a0\u00a0\u00a0\u00a0\u00a0\u00a0 \/ A tiltakoz\u00e1shoz val\u00f3 jog<\/h2>\n<p>Az \u00e9rintett jogosult arra, hogy a saj\u00e1t helyzet\u00e9vel kapcsolatos okokb\u00f3l b\u00e1rmikor tiltakozzon szem\u00e9lyes adatainak a kezel\u00e9se ellen (amennyiben az az Adatkezel\u0151 jogos \u00e9rdekeinek \u00e9rv\u00e9nyes\u00edt\u00e9se \u00e9rdek\u00e9ben, vagy k\u00f6zhatalmi jogos\u00edtv\u00e1ny gyakorl\u00e1s\u00e1nak keret\u00e9ben v\u00e9gzett feladat v\u00e9grehajt\u00e1s\u00e1hoz sz\u00fcks\u00e9ges),<\/p>\n<p>ide\u00e9rtve az eml\u00edtett rendelkez\u00e9seken alapul\u00f3 profilalkot\u00e1st is. Ebben az esetben az Adatkezel\u0151 a szem\u00e9lyes adatokat nem kezelheti tov\u00e1bb, kiv\u00e9ve, ha az Adatkezel\u0151 bizony\u00edtja, hogy az adatkezel\u00e9st olyan k\u00e9nyszer\u00edt\u0151 erej\u0171 jogos okok indokolj\u00e1k, amelyek els\u0151bbs\u00e9get \u00e9lveznek az \u00e9rintett \u00e9rdekeivel, jogaival \u00e9s szabads\u00e1gaival szemben, vagy amelyek jogi ig\u00e9nyek el\u0151terjeszt\u00e9s\u00e9hez, \u00e9rv\u00e9nyes\u00edt\u00e9s\u00e9hez vagy v\u00e9delm\u00e9hez kapcsol\u00f3dnak.<\/p>\n<h2>III.7.\u00a0\u00a0\u00a0\u00a0\u00a0\u00a0\u00a0\u00a0 \/ Az \u00e9rintettek jogainak gyakorl\u00e1sa, panasz, jogorvoslat<\/h2>\n<p>Az \u00e9rintett hozz\u00e1f\u00e9r\u00e9si jogainak gyakorl\u00e1s\u00e1val (tov\u00e1bb\u00e1 az adatainak kiad\u00e1s\u00e1val, m\u00f3dos\u00edt\u00e1s\u00e1val,<\/p>\n<p>t\u00f6rl\u00e9s\u00e9vel stb.) kapcsolatos k\u00e9relmeit az Adatkezel\u0151 \u00fcgyvezet\u0151ihez, az Adatkezel\u0151 sz\u00e9khely\u00e9re c\u00edmzett postai lev\u00e9lben k\u00e9rheti, mely alapj\u00e1n az Adatkezel\u0151 \u00fcgyvezet\u0151i, vagy \u00e1ltaluk megb\u00edzott munkav\u00e1llal\u00f3ja a k\u00e9relem k\u00e9zhezv\u00e9tel\u00e9t\u0151l sz\u00e1m\u00edtott egy h\u00f3napon bel\u00fcl t\u00e1j\u00e9koztatja az \u00e9rintettet arr\u00f3l, hogy az<\/p>\n<p>Adatkezel\u0151 milyen int\u00e9zked\u00e9seket tett a k\u00e9relem alapj\u00e1n.<\/p>\n<h2>Amennyiben az \u00e9rintettet az Adatkezel\u0151 adatkezel\u00e9s\u00e9vel \u00f6sszef\u00fcgg\u00e9sben jogs\u00e9relem \u00e9ri, \u00fagy joga van panaszt beny\u00fajtani az illet\u00e9kes fel\u00fcgyeleti hat\u00f3s\u00e1ghoz:<\/h2>\n<p>Nemzeti Adatv\u00e9delmi \u00e9s Inform\u00e1ci\u00f3szabads\u00e1g Hat\u00f3s\u00e1g (NAIH) Sz\u00e9khely: 1055 Budapest, Falk Miksa utca 9-11.<\/p>\n<p>Web: <a href=\"http:\/\/www.naih.hu\/\">www.naih.hu<\/a><\/p>\n<p>E-mail: <a href=\"mailto:ugyfelszolgalat@naih.hu\">ugyfelszolgalat@naih.hu<\/a> Telefonsz\u00e1m: 1\/391-1440<\/p>\n<p>Az \u00e9rintett tov\u00e1bb\u00e1 az Info tv., valamint a Polg\u00e1ri T\u00f6rv\u00e9nyk\u00f6nyv (2013. \u00e9vi V. t\u00f6rv\u00e9ny) alapj\u00e1n b\u00edr\u00f3s\u00e1g el\u0151tt \u00e9rv\u00e9nyes\u00edtheti jogait polg\u00e1ri peres \u00faton.<\/p>\n<p>&nbsp;<\/p>\n<h2>IV. \/ Az Adatkezel\u0151 int\u00e9zked\u00e9sei az adatv\u00e9delem, adatbiztons\u00e1g k\u00f6r\u00e9ben<\/h2>\n<ul>\n<li><strong>\/ Az adatbiztons\u00e1gr\u00f3l \u00e1ltal\u00e1noss\u00e1gban<\/strong><\/li>\n<\/ul>\n<p>Az Adatkezel\u0151 gondoskodik az adatok biztons\u00e1g\u00e1r\u00f3l, megteszi tov\u00e1bb\u00e1 azokat a technikai<\/p>\n<p>int\u00e9zked\u00e9seket, amelyek biztos\u00edtj\u00e1k, hogy a felvett, t\u00e1rolt, illetve kezelt adatok v\u00e9dettek legyenek, illet\u0151leg mindent megtesz annak \u00e9rdek\u00e9ben, hogy megakad\u00e1lyozza azok megsemmis\u00fcl\u00e9s\u00e9t,<\/p>\n<p>jogosulatlan felhaszn\u00e1l\u00e1s\u00e1t \u00e9s jogosulatlan megv\u00e1ltoztat\u00e1s\u00e1t. K\u00f6telezi mag\u00e1t arra is, hogy minden olyan szem\u00e9lyt, akinek az adatokat esetlegesen tov\u00e1bb\u00edtja vagy \u00e1tadja, ugyancsak felh\u00edvja ez ir\u00e1ny\u00fa k\u00f6telezetts\u00e9geinek teljes\u00edt\u00e9s\u00e9re.<\/p>\n<h2>IV.2.\u00a0\u00a0\u00a0\u00a0\u00a0\u00a0 \/ Adatbiztons\u00e1g az IT infrastrukt\u00far\u00e1ban<\/h2>\n<p>Az Adatkezel\u0151 az al\u00e1bbi konkr\u00e9t int\u00e9zked\u00e9seket teszi az adatbiztons\u00e1g \u00e9rdek\u00e9ben az IT infrastrukt\u00fara szintj\u00e9n:<\/p>\n<p>&nbsp;<\/p>\n<p>Az Adatkezel\u0151 a rendelkez\u00e9s\u00e9re \u00e1ll\u00f3 szem\u00e9lyes adatokat informatikai szakc\u00e9gek &#8211; Rackhost Zrt. (sz\u00e9khely: 6722 Szeged, Tisza Lajos k\u00f6r\u00fat 41., c\u00e9gjegyz\u00e9ksz\u00e1m: 06-10-000489), \u00e1ltal \u00fczemeltetett szervereken t\u00e1rolja, amelyekhez kiz\u00e1r\u00f3lag \u00fcgyvezet\u0151je, illetve a hivatkozott szakc\u00e9gek megfelel\u0151 jogosults\u00e1gi szint\u0171, informatikai szakter\u00fclethez tartoz\u00f3 szakemberei f\u00e9rhetnek hozz\u00e1, szigor\u00fa<\/p>\n<p>titoktart\u00e1si k\u00f6telezetts\u00e9gv\u00e1llal\u00e1s mellett. A dokumentumkezel\u0151 rendszerben t\u00e1rolt adatokhoz a hozz\u00e1f\u00e9r\u00e9s csak jelsz\u00f3val \u00e9s megfelel\u0151 jogosults\u00e1ggal lehets\u00e9ges. Az Adatkezel\u0151 adatb\u00e1zis\u00e1hoz kiz\u00e1r\u00f3lag megfelel\u0151 jogosults\u00e1g \u00e9s licenszek mellett lehet csatlakozni.<\/p>\n<p>Az Adatkezel\u0151 minden rendszer\u00e9re (az egyes alrendszerekre is) kiterjed\u0151en val\u00f3s idej\u0171, k\u00e1rt\u00e9kony szoftverek elleni v\u00e9delmet haszn\u00e1l.<\/p>\n<h2>IV.3.\u00a0\u00a0\u00a0\u00a0\u00a0\u00a0 \/ Adatbiztons\u00e1g a kommunik\u00e1ci\u00f3ban<\/h2>\n<p>Az Adatkezel\u0151 informatikai h\u00e1l\u00f3zatai \u00e9s a k\u00f6zponti t\u0171zfalak k\u00f6z\u00f6tt az adatok titkos\u00edtva \u00e1ramlanak. Az<\/p>\n<p>illet\u00e9ktelen k\u00fcls\u0151 behatol\u00e1s elleni v\u00e9delmet az Adatkezel\u0151 hat\u00e1rponti eszk\u00f6z hardveres megold\u00e1s\u00e1val biztos\u00edtja. Az Adatkezel\u0151 \u00e1ltal haszn\u00e1lt h\u00e1l\u00f3zati protokollok garant\u00e1lj\u00e1k az adatok s\u00e9rthetetlens\u00e9g\u00e9t (adatintegrit\u00e1s), \u00e9s a biztons\u00e1gos kommunik\u00e1ci\u00f3t.<\/p>\n<h2>IV.4.\u00a0\u00a0\u00a0\u00a0\u00a0\u00a0 \/ Fizikai adatbiztons\u00e1g<\/h2>\n<p>Az Adatkezel\u0151 \u00e1ltal kezelt szem\u00e9lyes adatokat biztons\u00e1g\u00e1r\u00f3l a fenti informatikai szakc\u00e9gek<\/p>\n<p>gondoskodnak, amelyek az Adatkezel\u0151vel k\u00f6t\u00f6tt szerz\u0151d\u00e9s\u00fck alapj\u00e1n k\u00f6telesek garant\u00e1lni a szem\u00e9lyes adatok fizikai \u00e9s szofteres biztons\u00e1g\u00e1t.<\/p>\n<h2>IV.5.\u00a0\u00a0\u00a0\u00a0\u00a0\u00a0 \/ Adatbiztons\u00e1g a munkaszervezet szintj\u00e9n<\/h2>\n<p>Az Adatkezel\u0151 internetes honlapj\u00e1n el\u00e9rhet\u0151v\u00e9 teszi a jelen szab\u00e1lyzatot, illetve annak tartalm\u00e1r\u00f3l a vele szerz\u0151d\u0151 feleket az Adatkezel\u0151vel t\u00f6rt\u00e9n\u0151 jogviszony l\u00e9tes\u00edt\u00e9st megel\u0151z\u0151en, a szerz\u0151d\u00e9s<\/p>\n<p>megk\u00f6t\u00e9se sor\u00e1n t\u00e1j\u00e9koztatja. A jelen szab\u00e1lyzat megismer\u00e9s\u00e9t az Adatkezel\u0151vel szerz\u0151d\u0151 felek a szerz\u0151d\u00e9sk\u00f6t\u00e9si folyamat sor\u00e1n elismerik, vagyis az Adatkezel\u0151 a szab\u00e1lyzat ismertet\u00e9s\u00e9t dokument\u00e1lja.<\/p>\n<h2>V. \/ Az adatv\u00e9delmi incidensek kezel\u00e9se<\/h2>\n<p><strong>Adatv\u00e9delmi incidens: <\/strong>a biztons\u00e1g olyan s\u00e9r\u00fcl\u00e9se, amely a tov\u00e1bb\u00edtott, t\u00e1rolt vagy m\u00e1s m\u00f3don kezelt szem\u00e9lyes adatok v\u00e9letlen vagy jogellenes megsemmis\u00edt\u00e9s\u00e9t, elveszt\u00e9s\u00e9t, megv\u00e1ltoztat\u00e1s\u00e1t,<\/p>\n<p>jogosulatlan k\u00f6zl\u00e9s\u00e9t vagy az azokhoz val\u00f3 jogosulatlan hozz\u00e1f\u00e9r\u00e9st eredm\u00e9nyezi. Az adatv\u00e9delmi incidenst az Adatkezel\u0151 indokolatlan k\u00e9sedelem n\u00e9lk\u00fcl, \u00e9s ha lehets\u00e9ges, legk\u00e9s\u0151bb 72 \u00f3r\u00e1val azut\u00e1n, hogy az adatv\u00e9delmi incidens a tudom\u00e1s\u00e1ra jutott, bejelenti az illet\u00e9kes fel\u00fcgyeleti hat\u00f3s\u00e1gnak,<\/p>\n<p>kiv\u00e9ve, ha az adatv\u00e9delmi incidens val\u00f3sz\u00edn\u0171s\u00edthet\u0151en nem j\u00e1r kock\u00e1zattal a term\u00e9szetes szem\u00e9lyek jogaira \u00e9s szabads\u00e1gaira n\u00e9zve. Ha az adatv\u00e9delmi incidens val\u00f3sz\u00edn\u0171s\u00edthet\u0151en magas kock\u00e1zattal j\u00e1r a term\u00e9szetes szem\u00e9lyek jogaira \u00e9s szabads\u00e1gaira n\u00e9zve, az Adatkezel\u0151 indokolatlan k\u00e9sedelem n\u00e9lk\u00fcl t\u00e1j\u00e9koztatja az \u00e9rintettet az adatv\u00e9delmi incidensr\u0151l, melyben vil\u00e1gosan \u00e9s k\u00f6z\u00e9rthet\u0151en ismertetni kell az adatv\u00e9delmi incidens jelleg\u00e9t, \u00e9s k\u00f6z\u00f6lni kell legal\u00e1bb az \u00fcgyben tov\u00e1bbi t\u00e1j\u00e9koztat\u00e1st ny\u00fajt\u00f3 kapcsolattart\u00f3 nev\u00e9t \u00e9s el\u00e9rhet\u0151s\u00e9geit, ismertetni kell az adatv\u00e9delmi incidensb\u0151l ered\u0151,<\/p>\n<p>val\u00f3sz\u00edn\u0171s\u00edthet\u0151 k\u00f6vetkezm\u00e9nyeket, valamint az Adatkezel\u0151 \u00e1ltal az incidens orvosl\u00e1sa \u00e9rdek\u00e9ben tett vagy tervezett int\u00e9zked\u00e9seket.<\/p>\n<p><strong>Hat\u00e1lyos: 2026.08.24. napj\u00e1t\u00f3l Proton Group Kft.<\/strong><\/p>\n<p><strong>Kiss Gerg\u0151 \u00fcgyvezet\u0151<\/strong><\/p>\n<p><strong>\u00a0<\/strong><\/p>\n<p><a href=\"mailto:kiss.gergo@protongroup.hu\"><strong>kiss.gergo@protongroup.hu<\/strong><\/a><\/p>\n\n\n<p class=\"wp-block-paragraph\"><\/p>","protected":false},"excerpt":{"rendered":"<p>&nbsp; \u00a0 Adatkezel\u00e9si t\u00e1j\u00e9koztat\u00f3 &nbsp; A jelen adatkezel\u00e9si t\u00e1j\u00e9koztat\u00f3t a Proton Group Kft. (a tov\u00e1bbiakban: Adatkezel\u0151) fogadta el, \u00e9s helyezte hat\u00e1lyba 2026.08.24. napj\u00e1val az Eur\u00f3pai Parlament \u00e9s Tan\u00e1cs 2016\/679 rendelete (a tov\u00e1bbiakban: Rendelet), \u00e9s k\u00fcl\u00f6n\u00f6sen annak az \u00e1tl\u00e1that\u00f3 t\u00e1j\u00e9koztat\u00e1sra vonatkoz\u00f3 int\u00e9zked\u00e9sek megt\u00e9tel\u00e9t el\u0151\u00edr\u00f3 12. cikke rendelkez\u00e9seinek t\u00f6rt\u00e9n\u0151 megfelel\u00e9s \u00e9rdek\u00e9ben. A jelen t\u00e1j\u00e9koztat\u00f3 c\u00e9lja, hogy az [&hellip;]<\/p>\n","protected":false},"author":2,"featured_media":0,"parent":0,"menu_order":0,"comment_status":"closed","ping_status":"open","template":"","meta":{"_gspb_post_css":"","footnotes":""},"class_list":["post-3","page","type-page","status-publish","hentry"],"blocksy_meta":{"has_hero_section":"enabled","hero_elements":[{"id":"custom_title","enabled":false,"heading_tag":"h1","title":"Home","__id":"ERv4T1eKzoP7iXNck1Bjf"},{"id":"custom_description","enabled":false,"description_visibility":{"desktop":true,"tablet":true,"mobile":false},"__id":"cOdTdHzLXuziryFEKcuTj"},{"id":"custom_meta","enabled":false,"meta_elements":[{"id":"author","enabled":true,"label":"By","has_author_avatar":"yes","avatar_size":25},{"id":"post_date","enabled":true,"label":"On","date_format_source":"default","date_format":"M j, Y"},{"id":"updated_date","enabled":false,"label":"On","date_format_source":"default","date_format":"M j, Y"},{"id":"categories","enabled":false,"label":"In","style":"simple"},{"id":"comments","enabled":true}],"page_meta_elements":{"joined":true,"articles_count":true,"comments":true},"__id":"p-iBZ95atW-S5ErAOsgZ9"},{"id":"breadcrumbs","enabled":false,"__id":"x-W2ng8pUMOw5RfVmTg-K"},{"id":"content-block","enabled":false,"__id":"uGXXUCdCGYKMDuJYcMZxg"}],"styles_descriptor":{"styles":{"desktop":"[data-prefix=\"single_page\"] .entry-header .page-title {--theme-font-size:30px;} [data-prefix=\"single_page\"] .entry-header .entry-meta {--theme-font-weight:600;--theme-text-transform:uppercase;--theme-font-size:12px;--theme-line-height:1.3;}","tablet":"","mobile":""},"google_fonts":{"Onest":["n4","n6"]},"version":7}},"yoast_head":"<!-- This site is optimized with the Yoast SEO plugin v28.2 - https:\/\/yoast.com\/product\/yoast-seo-wordpress\/ -->\n<title>Adatkezel\u00e9si t\u00e1j\u00e9koztat\u00f3 - Proton Group Kft.<\/title>\n<meta name=\"description\" content=\"Az Adatkezel\u00e9si T\u00e1j\u00e9koztat\u00f3 jelenleg felt\u00f6lt\u00e9s alatt \u00e1ll. K\u00e9rj\u00fck, l\u00e1togasson vissza k\u00e9s\u0151bb. K\u00f6sz\u00f6nj\u00fck meg\u00e9rt\u00e9s\u00e9t!\" \/>\n<meta name=\"robots\" content=\"index, follow, max-snippet:-1, max-image-preview:large, max-video-preview:-1\" \/>\n<link rel=\"canonical\" href=\"https:\/\/protongroup.hu\/en\/privacy-policy\/\" \/>\n<meta property=\"og:locale\" content=\"en_US\" \/>\n<meta property=\"og:type\" content=\"article\" \/>\n<meta property=\"og:title\" content=\"Adatkezel\u00e9si t\u00e1j\u00e9koztat\u00f3 - Proton Group Kft.\" \/>\n<meta property=\"og:description\" content=\"Az Adatkezel\u00e9si T\u00e1j\u00e9koztat\u00f3 jelenleg felt\u00f6lt\u00e9s alatt \u00e1ll. K\u00e9rj\u00fck, l\u00e1togasson vissza k\u00e9s\u0151bb. K\u00f6sz\u00f6nj\u00fck meg\u00e9rt\u00e9s\u00e9t!\" \/>\n<meta property=\"og:url\" content=\"https:\/\/protongroup.hu\/en\/privacy-policy\/\" \/>\n<meta property=\"og:site_name\" content=\"Proton Group Kft.\" \/>\n<meta property=\"article:modified_time\" content=\"2026-08-28T14:03:16+00:00\" \/>\n<meta name=\"twitter:card\" content=\"summary_large_image\" \/>\n<meta name=\"twitter:label1\" content=\"Est. reading time\" \/>\n\t<meta name=\"twitter:data1\" content=\"11 minutes\" \/>\n<script type=\"application\/ld+json\" class=\"yoast-schema-graph\">{\"@context\":\"https:\\\/\\\/schema.org\",\"@graph\":[{\"@type\":\"WebPage\",\"@id\":\"https:\\\/\\\/protongroup.hu\\\/adatkezelesi-tajekoztato\\\/\",\"url\":\"https:\\\/\\\/protongroup.hu\\\/adatkezelesi-tajekoztato\\\/\",\"name\":\"Adatkezel\u00e9si t\u00e1j\u00e9koztat\u00f3 - Proton Group Kft.\",\"isPartOf\":{\"@id\":\"https:\\\/\\\/protongroup.hu\\\/#website\"},\"datePublished\":\"2026-07-29T13:50:32+00:00\",\"dateModified\":\"2026-08-28T14:03:16+00:00\",\"description\":\"Az Adatkezel\u00e9si T\u00e1j\u00e9koztat\u00f3 jelenleg felt\u00f6lt\u00e9s alatt \u00e1ll. K\u00e9rj\u00fck, l\u00e1togasson vissza k\u00e9s\u0151bb. K\u00f6sz\u00f6nj\u00fck meg\u00e9rt\u00e9s\u00e9t!\",\"breadcrumb\":{\"@id\":\"https:\\\/\\\/protongroup.hu\\\/adatkezelesi-tajekoztato\\\/#breadcrumb\"},\"inLanguage\":\"en-US\",\"potentialAction\":[{\"@type\":\"ReadAction\",\"target\":[\"https:\\\/\\\/protongroup.hu\\\/adatkezelesi-tajekoztato\\\/\"]}]},{\"@type\":\"BreadcrumbList\",\"@id\":\"https:\\\/\\\/protongroup.hu\\\/adatkezelesi-tajekoztato\\\/#breadcrumb\",\"itemListElement\":[{\"@type\":\"ListItem\",\"position\":1,\"name\":\"Home\",\"item\":\"https:\\\/\\\/protongroup.hu\\\/\"},{\"@type\":\"ListItem\",\"position\":2,\"name\":\"Adatkezel\u00e9si t\u00e1j\u00e9koztat\u00f3\"}]},{\"@type\":\"WebSite\",\"@id\":\"https:\\\/\\\/protongroup.hu\\\/#website\",\"url\":\"https:\\\/\\\/protongroup.hu\\\/\",\"name\":\"Proton Group Kft.\",\"description\":\"Er\u0151s- \u00e9s gyenge\u00e1ram\u00fa rendszerek tervez\u00e9se, kivitelez\u00e9se \u00e9s karbantart\u00e1sa\",\"publisher\":{\"@id\":\"https:\\\/\\\/protongroup.hu\\\/#organization\"},\"potentialAction\":[{\"@type\":\"SearchAction\",\"target\":{\"@type\":\"EntryPoint\",\"urlTemplate\":\"https:\\\/\\\/protongroup.hu\\\/?s={search_term_string}\"},\"query-input\":{\"@type\":\"PropertyValueSpecification\",\"valueRequired\":true,\"valueName\":\"search_term_string\"}}],\"inLanguage\":\"en-US\"},{\"@type\":\"Organization\",\"@id\":\"https:\\\/\\\/protongroup.hu\\\/#organization\",\"name\":\"Proton Group Kft.\",\"url\":\"https:\\\/\\\/protongroup.hu\\\/\",\"logo\":{\"@type\":\"ImageObject\",\"inLanguage\":\"en-US\",\"@id\":\"https:\\\/\\\/protongroup.hu\\\/#\\\/schema\\\/logo\\\/image\\\/\",\"url\":\"https:\\\/\\\/protongroup.hu\\\/wp-content\\\/uploads\\\/2026\\\/07\\\/pg-logo.png\",\"contentUrl\":\"https:\\\/\\\/protongroup.hu\\\/wp-content\\\/uploads\\\/2026\\\/07\\\/pg-logo.png\",\"width\":283,\"height\":261,\"caption\":\"Proton Group Kft.\"},\"image\":{\"@id\":\"https:\\\/\\\/protongroup.hu\\\/#\\\/schema\\\/logo\\\/image\\\/\"}}]}<\/script>\n<!-- \/ Yoast SEO plugin. -->","yoast_head_json":{"title":"Privacy Policy - Proton Group Kft.","description":"The Privacy Policy is currently being uploaded. Please check back later. Thank you for your understanding!","robots":{"index":"index","follow":"follow","max-snippet":"max-snippet:-1","max-image-preview":"max-image-preview:large","max-video-preview":"max-video-preview:-1"},"canonical":"https:\/\/protongroup.hu\/en\/privacy-policy\/","og_locale":"en_US","og_type":"article","og_title":"Adatkezel\u00e9si t\u00e1j\u00e9koztat\u00f3 - Proton Group Kft.","og_description":"Az Adatkezel\u00e9si T\u00e1j\u00e9koztat\u00f3 jelenleg felt\u00f6lt\u00e9s alatt \u00e1ll. K\u00e9rj\u00fck, l\u00e1togasson vissza k\u00e9s\u0151bb. K\u00f6sz\u00f6nj\u00fck meg\u00e9rt\u00e9s\u00e9t!","og_url":"https:\/\/protongroup.hu\/en\/privacy-policy\/","og_site_name":"Proton Group Kft.","article_modified_time":"2026-08-28T14:03:16+00:00","twitter_card":"summary_large_image","twitter_misc":{"Est. reading time":"11 minutes"},"schema":{"@context":"https:\/\/schema.org","@graph":[{"@type":"WebPage","@id":"https:\/\/protongroup.hu\/adatkezelesi-tajekoztato\/","url":"https:\/\/protongroup.hu\/adatkezelesi-tajekoztato\/","name":"Privacy Policy - Proton Group Kft.","isPartOf":{"@id":"https:\/\/protongroup.hu\/#website"},"datePublished":"2026-07-29T13:50:32+00:00","dateModified":"2026-08-28T14:03:16+00:00","description":"The Privacy Policy is currently being uploaded. Please check back later. Thank you for your understanding!","breadcrumb":{"@id":"https:\/\/protongroup.hu\/adatkezelesi-tajekoztato\/#breadcrumb"},"inLanguage":"en-US","potentialAction":[{"@type":"ReadAction","target":["https:\/\/protongroup.hu\/adatkezelesi-tajekoztato\/"]}]},{"@type":"BreadcrumbList","@id":"https:\/\/protongroup.hu\/adatkezelesi-tajekoztato\/#breadcrumb","itemListElement":[{"@type":"ListItem","position":1,"name":"Home","item":"https:\/\/protongroup.hu\/"},{"@type":"ListItem","position":2,"name":"Adatkezel\u00e9si t\u00e1j\u00e9koztat\u00f3"}]},{"@type":"WebSite","@id":"https:\/\/protongroup.hu\/#website","url":"https:\/\/protongroup.hu\/","name":"Proton Group Ltd.","description":"Design, installation, and maintenance of strong and weak current systems","publisher":{"@id":"https:\/\/protongroup.hu\/#organization"},"potentialAction":[{"@type":"SearchAction","target":{"@type":"EntryPoint","urlTemplate":"https:\/\/protongroup.hu\/?s={search_term_string}"},"query-input":{"@type":"PropertyValueSpecification","valueRequired":true,"valueName":"search_term_string"}}],"inLanguage":"en-US"},{"@type":"Organization","@id":"https:\/\/protongroup.hu\/#organization","name":"Proton Group Ltd.","url":"https:\/\/protongroup.hu\/","logo":{"@type":"ImageObject","inLanguage":"en-US","@id":"https:\/\/protongroup.hu\/#\/schema\/logo\/image\/","url":"https:\/\/protongroup.hu\/wp-content\/uploads\/2026\/07\/pg-logo.png","contentUrl":"https:\/\/protongroup.hu\/wp-content\/uploads\/2026\/07\/pg-logo.png","width":283,"height":261,"caption":"Proton Group Kft."},"image":{"@id":"https:\/\/protongroup.hu\/#\/schema\/logo\/image\/"}}]}},"_links":{"self":[{"href":"https:\/\/protongroup.hu\/en\/wp-json\/wp\/v2\/pages\/3","targetHints":{"allow":["GET"]}}],"collection":[{"href":"https:\/\/protongroup.hu\/en\/wp-json\/wp\/v2\/pages"}],"about":[{"href":"https:\/\/protongroup.hu\/en\/wp-json\/wp\/v2\/types\/page"}],"author":[{"embeddable":true,"href":"https:\/\/protongroup.hu\/en\/wp-json\/wp\/v2\/users\/2"}],"replies":[{"embeddable":true,"href":"https:\/\/protongroup.hu\/en\/wp-json\/wp\/v2\/comments?post=3"}],"version-history":[{"count":11,"href":"https:\/\/protongroup.hu\/en\/wp-json\/wp\/v2\/pages\/3\/revisions"}],"predecessor-version":[{"id":980,"href":"https:\/\/protongroup.hu\/en\/wp-json\/wp\/v2\/pages\/3\/revisions\/980"}],"wp:attachment":[{"href":"https:\/\/protongroup.hu\/en\/wp-json\/wp\/v2\/media?parent=3"}],"curies":[{"name":"wp","href":"https:\/\/api.w.org\/{rel}","templated":true}]}}